{"id":752,"date":"2020-11-03T11:45:52","date_gmt":"2020-11-03T10:45:52","guid":{"rendered":"https:\/\/www.verein-juedische-kultur-tuebingen.de\/?page_id=752"},"modified":"2026-03-26T09:47:19","modified_gmt":"2026-03-26T08:47:19","slug":"juedischer-friedhof","status":"publish","type":"page","link":"https:\/\/www.verein-juedische-kultur-tuebingen.de\/?page_id=752","title":{"rendered":"J\u00fcdischer Friedhof"},"content":{"rendered":"<p>Der j\u00fcdische Friedhof Wankheim &#8211; auf der Gemarkung der Gemeinde Kusterdingen gelegen &#8211; ist gleichzeitig Ort der Erinnerung, Zeugnis der Regionalgeschichte und ein steinernes Dokument deutsch-j\u00fcdischer Vergangenheit.<\/p>\n<p>Als Standort des ersten und f\u00fcr lange Zeit einzigen Mahnmals f\u00fcr die Opfer der Shoah in den Landkreisen T\u00fcbingen und Reutlingen reflektiert er au\u00dferdem die in der Region erst sp\u00e4t entstandene Erinnerungskultur an das NS-Unrechtssystems. Seit M\u00e4rz 2024 erinnert vor dem Friedhof ein Gedenkbuch &#8211; finanziert durch den Landkreis &#8211; ausf\u00fchrlich an die 56 Opfer der Shoah mit Bezug zu T\u00fcbingen und Wankheim an diese Opfer des Nationalsozialismus.<\/p>\n<p>Zum Gedenkbuch:\u00a0<a href=\"https:\/\/tunewsinternational.com\/tue-history\/erinnerungskultur\/gedenkbuch-wankheim\/\">https:\/\/tunewsinternational.com\/tue-history\/erinnerungskultur\/gedenkbuch-wankheim\/<\/a><\/p>\n<p>Der Friedhof &#8211; Zeugnis eines vormals lebendigen j\u00fcdischen Lebens in der Region und Kulturdenkmal\u00a0 wurde unter Federf\u00fchrung des F\u00f6rdervereins in seiner Gesamtheit saniert. Die Sanierung konnte 2025 endg\u00fcltig abgeschlossen werden. In den kommenden Jahren werden daher voraussichtlich nur kleinere Ma\u00dfnahmen an Grabstellen notwendig sein.<\/p>\n<p>Wir konnten daf\u00fcr Kommunen (Kusterdingen, T\u00fcbingen, Reutlingen), den Landkreis T\u00fcbingen, das Regierungspr\u00e4sidium, das Land Baden-W\u00fcrttemberg und die Landesstiftung als Geldgeber gewinnen. Auch zahlreiche Privatspender*innen haben mit Spenden dazu beigetragen, den Verfall der Grabsteine zu stoppen.<\/p>\n<p><strong>Das Landesamt f\u00fcr Denkmalpflege hat das Prozedere aus eigenem Blickwinkel in folgendem Bericht dargelegt:<\/strong> <a href=\"https:\/\/www.verein-juedische-kultur-tuebingen.de\/wp-content\/uploads\/2026\/03\/Beitrag-Nachrichtenblatt-1.pdf\">Beitrag Nachrichtenblatt (1)<\/a><\/p>\n<p>&nbsp;<\/p>\n<p>Der F\u00f6rderverein m\u00f6chte gleichzeitig Konzepte entwickeln, um diesen Ort, der Zeugnis \u00fcber das j\u00fcdische Leben in der Region ist, zu einem<strong> Lern- und Bildungsort<\/strong> weiter entwickeln, der Kopf und Herz anspricht. Ein kleiner Baustein dazu ist sicher die Integration des Friedhofs in die Ausbildung der Jugendguides.<\/p>\n<p>&nbsp;<\/p>\n<p><strong>Der F\u00f6rderverein ist mit Beh\u00f6rden und politischen Akteuren auf lokaler und \u00fcberregionaler Ebene kontinuierlich im Gespr\u00e4ch.<\/strong><\/p>\n<p>Au\u00dferdem bietet der Verein <strong>regelm\u00e4\u00dfig F\u00fchrungen<\/strong> an \u2013 auf Nachfrage selbstverst\u00e4ndlich auch f\u00fcr Gruppen &#8211; siehe <a href=\"https:\/\/www.verein-juedische-kultur-tuebingen.de\/?page_id=820\">Veranstaltungen<\/a><\/p>\n<p><strong>Wir sammeln dar\u00fcber hinaus Spende<\/strong>n f\u00fcr die Pflege und den Erhalt des Friedhofs.<\/p>\n<p><strong>Da uns Transparenz sehr wichtig ist &#8211; und um Ihnen die Bedeutung des Friedhofes in Wankheim und das j\u00fcdische Leben in der Region n\u00e4her zu bringen &#8211; k\u00f6nnen Sie das Gutachten zum Friedhof, das Frau Prof. Dr. Sch\u00f6nhagen erstellt hat, hier herunterladen:\u00a0 <a href=\"http:\/\/www.verein-juedische-kultur-tuebingen.de\/wp-content\/uploads\/2020\/11\/54bbc20f8b6eb98b10576fca37d70a41.pdf\">Sch\u00f6nhagen, Gutachten zum J\u00fcd. Friedhof Wankheim,2<\/a><br \/>\n<\/strong><\/p>\n","protected":false},"excerpt":{"rendered":"<p>Der j\u00fcdische Friedhof Wankheim &#8211; auf der Gemarkung der Gemeinde Kusterdingen gelegen &#8211; ist gleichzeitig Ort der Erinnerung, Zeugnis der Regionalgeschichte und ein steinernes Dokument deutsch-j\u00fcdischer Vergangenheit. Als Standort des ersten und f\u00fcr lange Zeit einzigen Mahnmals f\u00fcr die Opfer der Shoah in den Landkreisen T\u00fcbingen und Reutlingen reflektiert er au\u00dferdem die in der Region [&hellip;]<\/p>\n","protected":false},"author":2,"featured_media":0,"parent":0,"menu_order":10,"comment_status":"closed","ping_status":"closed","template":"","meta":{"footnotes":""},"class_list":["post-752","page","type-page","status-publish","hentry"],"_links":{"self":[{"href":"https:\/\/www.verein-juedische-kultur-tuebingen.de\/index.php?rest_route=\/wp\/v2\/pages\/752","targetHints":{"allow":["GET"]}}],"collection":[{"href":"https:\/\/www.verein-juedische-kultur-tuebingen.de\/index.php?rest_route=\/wp\/v2\/pages"}],"about":[{"href":"https:\/\/www.verein-juedische-kultur-tuebingen.de\/index.php?rest_route=\/wp\/v2\/types\/page"}],"author":[{"embeddable":true,"href":"https:\/\/www.verein-juedische-kultur-tuebingen.de\/index.php?rest_route=\/wp\/v2\/users\/2"}],"replies":[{"embeddable":true,"href":"https:\/\/www.verein-juedische-kultur-tuebingen.de\/index.php?rest_route=%2Fwp%2Fv2%2Fcomments&post=752"}],"version-history":[{"count":5,"href":"https:\/\/www.verein-juedische-kultur-tuebingen.de\/index.php?rest_route=\/wp\/v2\/pages\/752\/revisions"}],"predecessor-version":[{"id":1033,"href":"https:\/\/www.verein-juedische-kultur-tuebingen.de\/index.php?rest_route=\/wp\/v2\/pages\/752\/revisions\/1033"}],"wp:attachment":[{"href":"https:\/\/www.verein-juedische-kultur-tuebingen.de\/index.php?rest_route=%2Fwp%2Fv2%2Fmedia&parent=752"}],"curies":[{"name":"wp","href":"https:\/\/api.w.org\/{rel}","templated":true}]}}